{"id":8541,"date":"2022-05-09T10:26:51","date_gmt":"2022-05-09T10:26:51","guid":{"rendered":"https:\/\/nerba.pt\/site\/?page_id=8541"},"modified":"2023-03-21T10:54:41","modified_gmt":"2023-03-21T10:54:41","slug":"inovar","status":"publish","type":"page","link":"https:\/\/nerba.pt\/site\/inovar\/","title":{"rendered":"\u00a0INOVAR + 2.0"},"content":{"rendered":"\t\t<div data-elementor-type=\"wp-page\" data-elementor-id=\"8541\" class=\"elementor elementor-8541\" data-elementor-post-type=\"page\">\n\t\t\t\t\t\t\t\t\t<section class=\"elementor-section elementor-top-section elementor-element elementor-element-e4db4fc elementor-section-boxed elementor-section-height-default elementor-section-height-default\" data-id=\"e4db4fc\" data-element_type=\"section\">\n\t\t\t\t\t\t<div class=\"elementor-container elementor-column-gap-default\">\n\t\t\t\t\t<div class=\"elementor-column elementor-col-100 elementor-top-column elementor-element elementor-element-796c380\" data-id=\"796c380\" data-element_type=\"column\">\n\t\t\t<div class=\"elementor-widget-wrap elementor-element-populated\">\n\t\t\t\t\t\t\t\t<div class=\"elementor-element elementor-element-9bee9c8 elementor-widget elementor-widget-image\" data-id=\"9bee9c8\" data-element_type=\"widget\" data-widget_type=\"image.default\">\n\t\t\t\t<div class=\"elementor-widget-container\">\n\t\t\t\t\t\t\t\t\t\t\t\t\t\t\t<img decoding=\"async\" width=\"1200\" height=\"239\" data-src=\"https:\/\/nerba.pt\/site\/wp-content\/uploads\/2023\/03\/inovar_sessao.webp\" class=\"attachment-full size-full wp-image-14058 lazyload\" alt=\"\" data-srcset=\"https:\/\/nerba.pt\/site\/wp-content\/uploads\/2023\/03\/inovar_sessao.webp 1200w, https:\/\/nerba.pt\/site\/wp-content\/uploads\/2023\/03\/inovar_sessao-800x159.webp 800w, https:\/\/nerba.pt\/site\/wp-content\/uploads\/2023\/03\/inovar_sessao-768x153.webp 768w, https:\/\/nerba.pt\/site\/wp-content\/uploads\/2023\/03\/inovar_sessao-18x4.webp 18w\" data-sizes=\"(max-width: 1200px) 100vw, 1200px\" src=\"data:image\/svg+xml;base64,PHN2ZyB3aWR0aD0iMSIgaGVpZ2h0PSIxIiB4bWxucz0iaHR0cDovL3d3dy53My5vcmcvMjAwMC9zdmciPjwvc3ZnPg==\" style=\"--smush-placeholder-width: 1200px; --smush-placeholder-aspect-ratio: 1200\/239;\" \/>\t\t\t\t\t\t\t\t\t\t\t\t\t\t\t<\/div>\n\t\t\t\t<\/div>\n\t\t\t\t\t<\/div>\n\t\t<\/div>\n\t\t\t\t\t\t\t<\/div>\n\t\t<\/section>\n\t\t\t\t<section class=\"elementor-section elementor-top-section elementor-element elementor-element-36fe3c1 elementor-section-height-min-height elementor-section-items-stretch elementor-section-content-middle elementor-section-boxed elementor-section-height-default\" data-id=\"36fe3c1\" data-element_type=\"section\" data-settings=\"{&quot;background_background&quot;:&quot;classic&quot;}\">\n\t\t\t\t\t\t<div class=\"elementor-container elementor-column-gap-wider\">\n\t\t\t\t\t<div class=\"elementor-column elementor-col-100 elementor-top-column elementor-element elementor-element-f51438e\" data-id=\"f51438e\" data-element_type=\"column\" data-settings=\"{&quot;background_background&quot;:&quot;classic&quot;}\">\n\t\t\t<div class=\"elementor-widget-wrap elementor-element-populated\">\n\t\t\t\t\t\t\t\t<div class=\"elementor-element elementor-element-126d1f1 elementor-widget elementor-widget-text-editor\" data-id=\"126d1f1\" data-element_type=\"widget\" data-widget_type=\"text-editor.default\">\n\t\t\t\t<div class=\"elementor-widget-container\">\n\t\t\t\t\t\t\t<p><strong>Designa\u00e7\u00e3o do Projeto:<\/strong> INOVAR+2.0 | Promo\u00e7\u00e3o da inova\u00e7\u00e3o para a sustentabilidade das PME das regi\u00f5es de Terras de Tr\u00e1s os Montes, Douro e Alto T\u00e2mega<\/p>\t\t\t\t\t\t<\/div>\n\t\t\t\t<\/div>\n\t\t\t\t<div class=\"elementor-element elementor-element-4a88b6b elementor-widget elementor-widget-text-editor\" data-id=\"4a88b6b\" data-element_type=\"widget\" data-widget_type=\"text-editor.default\">\n\t\t\t\t<div class=\"elementor-widget-container\">\n\t\t\t\t\t\t\t<p><strong>C\u00f3digo do Projeto<\/strong>: NORTE-02-0853-FEDER-037627<\/p>\t\t\t\t\t\t<\/div>\n\t\t\t\t<\/div>\n\t\t\t\t<div class=\"elementor-element elementor-element-b887aee elementor-widget elementor-widget-text-editor\" data-id=\"b887aee\" data-element_type=\"widget\" data-widget_type=\"text-editor.default\">\n\t\t\t\t<div class=\"elementor-widget-container\">\n\t\t\t\t\t\t\t<p><strong>Objetivo Principal:<\/strong> Refor\u00e7o da capacidade empresarial de PME da regi\u00e3o para o desenvolvimento de novos produtos, servi\u00e7os e processos, estimulando-as para o desenvolvimento de pr\u00e1ticas de gest\u00e3o sustent\u00e1veis inovadoras, nas suas dimens\u00f5es ambientais, sociais e econ\u00f3micas, com especial incid\u00eancia em atividades enquadradas nos dom\u00ednios de especializa\u00e7\u00e3o inteligente &#8211; RIS3 da Regi\u00e3o Norte.<br \/>O projeto visa estimular as PME no desenvolvimento de atividades e projetos inovadores, com vista ao desenvolvimento de novos bens e servi\u00e7os ao aumento da produtividade e capacidade de cria\u00e7\u00e3o de valor, promovendo um crescimento inteligente e sustent\u00e1vel.<br \/>Este projeto, est\u00e1 alinhado com as estrat\u00e9gias de desenvolvimento para os territ\u00f3rios de baixa densidade, com especial incid\u00eancia no apoio \u00e0s PME com vista ao incremento de ganhos de competitividade assentes nos recursos end\u00f3genos do territ\u00f3rio.<\/p>\t\t\t\t\t\t<\/div>\n\t\t\t\t<\/div>\n\t\t\t\t<div class=\"elementor-element elementor-element-4c6bc0d elementor-widget elementor-widget-text-editor\" data-id=\"4c6bc0d\" data-element_type=\"widget\" data-widget_type=\"text-editor.default\">\n\t\t\t\t<div class=\"elementor-widget-container\">\n\t\t\t\t\t\t\t<p><strong>Regi\u00e3o de Interven\u00e7\u00e3o:<\/strong> Norte<\/p>\t\t\t\t\t\t<\/div>\n\t\t\t\t<\/div>\n\t\t\t\t<div class=\"elementor-element elementor-element-b8fb3b4 elementor-widget elementor-widget-text-editor\" data-id=\"b8fb3b4\" data-element_type=\"widget\" data-widget_type=\"text-editor.default\">\n\t\t\t\t<div class=\"elementor-widget-container\">\n\t\t\t\t\t\t\t<p><strong>Entidades Promotoras:<\/strong><br \/>502280271 | NERVIR \u2013 Associa\u00e7\u00e3o Empresarial (Coordenador)<br \/>502280344 | NERBA \u2013 Associa\u00e7\u00e3o Empresarial do distrito de Bragan\u00e7a (Cobenefici\u00e1rio)<\/p>\t\t\t\t\t\t<\/div>\n\t\t\t\t<\/div>\n\t\t\t\t<div class=\"elementor-element elementor-element-846617f elementor-widget elementor-widget-text-editor\" data-id=\"846617f\" data-element_type=\"widget\" data-widget_type=\"text-editor.default\">\n\t\t\t\t<div class=\"elementor-widget-container\">\n\t\t\t\t\t\t\t<p><strong>Data de aprova\u00e7\u00e3o<\/strong>: 09-07-2021<\/p>\t\t\t\t\t\t<\/div>\n\t\t\t\t<\/div>\n\t\t\t\t<div class=\"elementor-element elementor-element-0f44f5e elementor-widget elementor-widget-text-editor\" data-id=\"0f44f5e\" data-element_type=\"widget\" data-widget_type=\"text-editor.default\">\n\t\t\t\t<div class=\"elementor-widget-container\">\n\t\t\t\t\t\t\t<p><strong>Data de in\u00edcio:<\/strong> 01-07-2021<\/p>\t\t\t\t\t\t<\/div>\n\t\t\t\t<\/div>\n\t\t\t\t<div class=\"elementor-element elementor-element-9b5446f elementor-widget elementor-widget-text-editor\" data-id=\"9b5446f\" data-element_type=\"widget\" data-widget_type=\"text-editor.default\">\n\t\t\t\t<div class=\"elementor-widget-container\">\n\t\t\t\t\t\t\t<p><strong>Data de conclus\u00e3o:<\/strong> 31-12-2022<\/p>\t\t\t\t\t\t<\/div>\n\t\t\t\t<\/div>\n\t\t\t\t<div class=\"elementor-element elementor-element-cbb8189 elementor-widget elementor-widget-text-editor\" data-id=\"cbb8189\" data-element_type=\"widget\" data-widget_type=\"text-editor.default\">\n\t\t\t\t<div class=\"elementor-widget-container\">\n\t\t\t\t\t\t\t<p><strong>Custo total eleg\u00edvel:<\/strong> 464.506,50\u20ac<\/p>\t\t\t\t\t\t<\/div>\n\t\t\t\t<\/div>\n\t\t\t\t<div class=\"elementor-element elementor-element-66befe8 elementor-widget elementor-widget-text-editor\" data-id=\"66befe8\" data-element_type=\"widget\" data-widget_type=\"text-editor.default\">\n\t\t\t\t<div class=\"elementor-widget-container\">\n\t\t\t\t\t\t\t<p><strong>Apoio financeiro da UE:<\/strong> 394.830,53\u20ac<\/p>\t\t\t\t\t\t<\/div>\n\t\t\t\t<\/div>\n\t\t\t\t<div class=\"elementor-element elementor-element-ea86b13 elementor-widget elementor-widget-text-editor\" data-id=\"ea86b13\" data-element_type=\"widget\" data-widget_type=\"text-editor.default\">\n\t\t\t\t<div class=\"elementor-widget-container\">\n\t\t\t\t\t\t\t<p><strong>Objetivos, atividades e resultados esperados:<\/strong><br \/>Os objetivos desta A\u00e7\u00e3o s\u00e3o a promo\u00e7\u00e3o de a\u00e7\u00f5es de dinamiza\u00e7\u00e3o e capacita\u00e7\u00e3o de uma Rede de Coopera\u00e7\u00e3o Regional para a inova\u00e7\u00e3o e sustentabilidade empresarial, envolvendo empresas e agentes da envolvente regional para cada um dos sectores estrat\u00e9gicos regionais, de acordo com a Estrat\u00e9gia Regional de Especializa\u00e7\u00e3o Inteligente (EREI Norte).<br \/>A\u00e7\u00f5es e Atividades:<br \/>A\u00e7\u00e3o 1 &#8211; Dinamiza\u00e7\u00e3o e Capacita\u00e7\u00e3o de Rede de Coopera\u00e7\u00e3o Regional para a Inova\u00e7\u00e3o e Sustentabilidade Empresarial<br \/>&#8211; Atividade 1.1 &#8211; Sess\u00f5es de Dinamiza\u00e7\u00e3o e capacita\u00e7\u00e3o (Institui\u00e7\u00f5es)<br \/>Atividade 1.2 &#8211; Sess\u00f5es de Dinamiza\u00e7\u00e3o e capacita\u00e7\u00e3o (Empresas)<br \/>&#8211; Atividade 1.3 &#8211; Laborat\u00f3rios criativos de apoio a PME<br \/>A\u00e7\u00e3o 2 &#8211; Cria\u00e7\u00e3o e Dinamiza\u00e7\u00e3o de Ferramentas Virtuais Inovadoras para a Dinamiza\u00e7\u00e3o da Inova\u00e7\u00e3o e Sustentabilidade das PME da Regi\u00e3o<br \/>&#8211; Atividade 2.1 &#8211; Cria\u00e7\u00e3o da aplica\u00e7\u00e3o &#8220;Simulador Auto-avalia\u00e7\u00e3o&#8221;<br \/>&#8211; Atividade 2.2 &#8211; Realiza\u00e7\u00e3o da &#8220;Mostra Virtual PME Sustent\u00e1vel&#8221;<br \/>A\u00e7\u00e3o 3 &#8211; Cria\u00e7\u00e3o e Dinamiza\u00e7\u00e3o de Sistema de Reconhecimento &#8220;PME Sustent\u00e1vel INOVAR+2.0 Terras de Tr\u00e1s os Montes, Douro e Alto T\u00e2mega&#8221;<br \/>&#8211; Atividade 3.1 &#8211; Cria\u00e7\u00e3o do Sistema de Reconhecimento &#8220;PME SUSTENTAVEL INOVAR+2.0&#8221;<br \/>&#8211; Atividade 3.2 \u2013 Avalia\u00e7\u00e3o das PME no \u00e2mbito do Sistema de Reconhecimento &#8220;PME SUSTENTAVEL INOVAR+2.0&#8221;<br \/>A\u00e7\u00e3o 4 &#8211; Confer\u00eancia Internacional sobre Inova\u00e7\u00e3o e Sustentabilidade<br \/>A\u00e7\u00e3o 5 &#8211; Plano de Comunica\u00e7\u00e3o das Atividades e Produtos do Projeto<br \/>&#8211; Atividade 5.1 &#8211; Desenvolvimento de Campanhas de comunica\u00e7\u00e3o<br \/>&#8211; Atividade 5.2 \u2013 Conce\u00e7\u00e3o gr\u00e1fica de imagem e produ\u00e7\u00e3o de suportes de comunica\u00e7\u00e3o<br \/>&#8211; Atividade 5.3 \u2013 Desenvolvimento de conte\u00fados informativos e Tutoriais V\u00eddeo<br \/>&#8211; Atividade 5.4 \u2013 Publica\u00e7\u00e3o de Suplementos Informativos<br \/>A\u00e7\u00e3o 6 &#8211; Gest\u00e3o do Projeto<\/p>\t\t\t\t\t\t<\/div>\n\t\t\t\t<\/div>\n\t\t\t\t\t<\/div>\n\t\t<\/div>\n\t\t\t\t\t\t\t<\/div>\n\t\t<\/section>\n\t\t\t\t<section class=\"elementor-section elementor-top-section elementor-element elementor-element-2ed0e3a elementor-section-boxed elementor-section-height-default elementor-section-height-default\" data-id=\"2ed0e3a\" data-element_type=\"section\">\n\t\t\t\t\t\t<div class=\"elementor-container elementor-column-gap-default\">\n\t\t\t\t\t<div class=\"elementor-column elementor-col-100 elementor-top-column elementor-element elementor-element-69e1e83\" data-id=\"69e1e83\" data-element_type=\"column\">\n\t\t\t<div class=\"elementor-widget-wrap\">\n\t\t\t\t\t\t\t\t\t<\/div>\n\t\t<\/div>\n\t\t\t\t\t\t\t<\/div>\n\t\t<\/section>\n\t\t\t\t<section class=\"elementor-section elementor-top-section elementor-element elementor-element-bf0f258 elementor-section-boxed elementor-section-height-default elementor-section-height-default\" data-id=\"bf0f258\" data-element_type=\"section\">\n\t\t\t\t\t\t<div class=\"elementor-container elementor-column-gap-default\">\n\t\t\t\t\t<div class=\"elementor-column elementor-col-33 elementor-top-column elementor-element elementor-element-28aa2b5\" data-id=\"28aa2b5\" data-element_type=\"column\">\n\t\t\t<div class=\"elementor-widget-wrap\">\n\t\t\t\t\t\t\t\t\t<\/div>\n\t\t<\/div>\n\t\t\t\t<div class=\"elementor-column elementor-col-33 elementor-top-column elementor-element elementor-element-b0921c9\" data-id=\"b0921c9\" data-element_type=\"column\">\n\t\t\t<div class=\"elementor-widget-wrap elementor-element-populated\">\n\t\t\t\t\t\t\t\t<div class=\"elementor-element elementor-element-a410821 elementor-widget elementor-widget-image\" data-id=\"a410821\" data-element_type=\"widget\" data-widget_type=\"image.default\">\n\t\t\t\t<div class=\"elementor-widget-container\">\n\t\t\t\t\t\t\t\t\t\t\t\t\t\t\t<img decoding=\"async\" width=\"2481\" height=\"364\" data-src=\"https:\/\/nerba.pt\/site\/wp-content\/uploads\/2022\/07\/MicrosoftTeams-image-3.png\" class=\"attachment-full size-full wp-image-9824 lazyload\" alt=\"\" src=\"data:image\/svg+xml;base64,PHN2ZyB3aWR0aD0iMSIgaGVpZ2h0PSIxIiB4bWxucz0iaHR0cDovL3d3dy53My5vcmcvMjAwMC9zdmciPjwvc3ZnPg==\" style=\"--smush-placeholder-width: 2481px; --smush-placeholder-aspect-ratio: 2481\/364;\" \/>\t\t\t\t\t\t\t\t\t\t\t\t\t\t\t<\/div>\n\t\t\t\t<\/div>\n\t\t\t\t\t<\/div>\n\t\t<\/div>\n\t\t\t\t<div class=\"elementor-column elementor-col-33 elementor-top-column elementor-element elementor-element-b981b5e\" data-id=\"b981b5e\" data-element_type=\"column\">\n\t\t\t<div class=\"elementor-widget-wrap\">\n\t\t\t\t\t\t\t\t\t<\/div>\n\t\t<\/div>\n\t\t\t\t\t\t\t<\/div>\n\t\t<\/section>\n\t\t\t\t\t\t\t<\/div>\n\t\t","protected":false},"excerpt":{"rendered":"<p>Designa\u00e7\u00e3o do Projeto: INOVAR+2.0 | Promo\u00e7\u00e3o da inova\u00e7\u00e3o para a sustentabilidade das PME das regi\u00f5es de Terras de Tr\u00e1s os Montes, Douro e Alto T\u00e2mega C\u00f3digo do Projeto: NORTE-02-0853-FEDER-037627 Objetivo Principal: Refor\u00e7o da capacidade empresarial de PME da regi\u00e3o para o desenvolvimento de novos produtos, servi\u00e7os e processos, estimulando-as para o desenvolvimento de pr\u00e1ticas de&hellip;<\/p>\n","protected":false},"author":1,"featured_media":0,"parent":0,"menu_order":20,"comment_status":"closed","ping_status":"closed","template":"","meta":{"footnotes":""},"class_list":["post-8541","page","type-page","status-publish","hentry"],"_links":{"self":[{"href":"https:\/\/nerba.pt\/site\/wp-json\/wp\/v2\/pages\/8541","targetHints":{"allow":["GET"]}}],"collection":[{"href":"https:\/\/nerba.pt\/site\/wp-json\/wp\/v2\/pages"}],"about":[{"href":"https:\/\/nerba.pt\/site\/wp-json\/wp\/v2\/types\/page"}],"author":[{"embeddable":true,"href":"https:\/\/nerba.pt\/site\/wp-json\/wp\/v2\/users\/1"}],"replies":[{"embeddable":true,"href":"https:\/\/nerba.pt\/site\/wp-json\/wp\/v2\/comments?post=8541"}],"version-history":[{"count":0,"href":"https:\/\/nerba.pt\/site\/wp-json\/wp\/v2\/pages\/8541\/revisions"}],"wp:attachment":[{"href":"https:\/\/nerba.pt\/site\/wp-json\/wp\/v2\/media?parent=8541"}],"curies":[{"name":"wp","href":"https:\/\/api.w.org\/{rel}","templated":true}]}}