{"id":21480,"date":"2025-10-21T20:19:56","date_gmt":"2025-10-21T20:19:56","guid":{"rendered":"https:\/\/nerba.pt\/site\/?page_id=21480"},"modified":"2025-10-22T08:28:24","modified_gmt":"2025-10-22T08:28:24","slug":"agroalimentar-sem-carbono","status":"publish","type":"page","link":"https:\/\/nerba.pt\/site\/agroalimentar-sem-carbono\/","title":{"rendered":"Agroalimentar Sem Carbono"},"content":{"rendered":"\t\t<div data-elementor-type=\"wp-page\" data-elementor-id=\"21480\" class=\"elementor elementor-21480\" data-elementor-post-type=\"page\">\n\t\t\t\t\t\t\t\t\t<section class=\"elementor-section elementor-top-section elementor-element elementor-element-7222bed elementor-section-boxed elementor-section-height-default elementor-section-height-default\" data-id=\"7222bed\" data-element_type=\"section\">\n\t\t\t\t\t\t<div class=\"elementor-container elementor-column-gap-default\">\n\t\t\t\t\t<div class=\"elementor-column elementor-col-100 elementor-top-column elementor-element elementor-element-df2f43c\" data-id=\"df2f43c\" data-element_type=\"column\">\n\t\t\t<div class=\"elementor-widget-wrap elementor-element-populated\">\n\t\t\t\t\t\t\t\t<div class=\"elementor-element elementor-element-5cb18d2 elementor-widget elementor-widget-spacer\" data-id=\"5cb18d2\" data-element_type=\"widget\" data-widget_type=\"spacer.default\">\n\t\t\t\t<div class=\"elementor-widget-container\">\n\t\t\t\t\t<div class=\"elementor-spacer\">\n\t\t\t<div class=\"elementor-spacer-inner\"><\/div>\n\t\t<\/div>\n\t\t\t\t<\/div>\n\t\t\t\t<\/div>\n\t\t\t\t<div class=\"elementor-element elementor-element-6dd1ea1 elementor-widget elementor-widget-heading\" data-id=\"6dd1ea1\" data-element_type=\"widget\" data-widget_type=\"heading.default\">\n\t\t\t\t<div class=\"elementor-widget-container\">\n\t\t\t<h2 class=\"elementor-heading-title elementor-size-default\">Agroalimentar Sem Carbono<\/h2>\t\t<\/div>\n\t\t\t\t<\/div>\n\t\t\t\t\t<\/div>\n\t\t<\/div>\n\t\t\t\t\t\t\t<\/div>\n\t\t<\/section>\n\t\t\t\t<section class=\"elementor-section elementor-top-section elementor-element elementor-element-3478fa1 elementor-section-boxed elementor-section-height-default elementor-section-height-default\" data-id=\"3478fa1\" data-element_type=\"section\">\n\t\t\t\t\t\t<div class=\"elementor-container elementor-column-gap-default\">\n\t\t\t\t\t<div class=\"elementor-column elementor-col-100 elementor-top-column elementor-element elementor-element-4699ff3\" data-id=\"4699ff3\" data-element_type=\"column\">\n\t\t\t<div class=\"elementor-widget-wrap elementor-element-populated\">\n\t\t\t\t\t\t\t\t<div class=\"elementor-element elementor-element-3039f38 elementor-widget elementor-widget-spacer\" data-id=\"3039f38\" data-element_type=\"widget\" data-widget_type=\"spacer.default\">\n\t\t\t\t<div class=\"elementor-widget-container\">\n\t\t\t\t\t<div class=\"elementor-spacer\">\n\t\t\t<div class=\"elementor-spacer-inner\"><\/div>\n\t\t<\/div>\n\t\t\t\t<\/div>\n\t\t\t\t<\/div>\n\t\t\t\t\t<\/div>\n\t\t<\/div>\n\t\t\t\t\t\t\t<\/div>\n\t\t<\/section>\n\t\t\t\t<section class=\"elementor-section elementor-top-section elementor-element elementor-element-0b46836 elementor-section-boxed elementor-section-height-default elementor-section-height-default\" data-id=\"0b46836\" data-element_type=\"section\">\n\t\t\t\t\t\t<div class=\"elementor-container elementor-column-gap-default\">\n\t\t\t\t\t<div class=\"elementor-column elementor-col-100 elementor-top-column elementor-element elementor-element-9927660\" data-id=\"9927660\" data-element_type=\"column\">\n\t\t\t<div class=\"elementor-widget-wrap elementor-element-populated\">\n\t\t\t\t\t\t\t\t<div class=\"elementor-element elementor-element-432161f elementor-widget elementor-widget-image\" data-id=\"432161f\" data-element_type=\"widget\" data-widget_type=\"image.default\">\n\t\t\t\t<div class=\"elementor-widget-container\">\n\t\t\t\t\t\t\t\t\t\t\t\t\t\t\t<img decoding=\"async\" width=\"1200\" height=\"124\" data-src=\"https:\/\/nerba.pt\/site\/wp-content\/uploads\/2025\/08\/COMPETE2030_BarraAssinaturas-01-1400x145.webp\" class=\"attachment-large size-large wp-image-20378 lazyload\" alt=\"\" data-srcset=\"https:\/\/nerba.pt\/site\/wp-content\/uploads\/2025\/08\/COMPETE2030_BarraAssinaturas-01-1400x145.webp 1400w, https:\/\/nerba.pt\/site\/wp-content\/uploads\/2025\/08\/COMPETE2030_BarraAssinaturas-01-800x83.webp 800w, https:\/\/nerba.pt\/site\/wp-content\/uploads\/2025\/08\/COMPETE2030_BarraAssinaturas-01-768x80.webp 768w, https:\/\/nerba.pt\/site\/wp-content\/uploads\/2025\/08\/COMPETE2030_BarraAssinaturas-01-1536x159.webp 1536w, https:\/\/nerba.pt\/site\/wp-content\/uploads\/2025\/08\/COMPETE2030_BarraAssinaturas-01-2048x213.webp 2048w, https:\/\/nerba.pt\/site\/wp-content\/uploads\/2025\/08\/COMPETE2030_BarraAssinaturas-01-18x2.webp 18w\" data-sizes=\"(max-width: 1200px) 100vw, 1200px\" src=\"data:image\/svg+xml;base64,PHN2ZyB3aWR0aD0iMSIgaGVpZ2h0PSIxIiB4bWxucz0iaHR0cDovL3d3dy53My5vcmcvMjAwMC9zdmciPjwvc3ZnPg==\" style=\"--smush-placeholder-width: 1200px; --smush-placeholder-aspect-ratio: 1200\/124;\" \/>\t\t\t\t\t\t\t\t\t\t\t\t\t\t\t<\/div>\n\t\t\t\t<\/div>\n\t\t\t\t\t<\/div>\n\t\t<\/div>\n\t\t\t\t\t\t\t<\/div>\n\t\t<\/section>\n\t\t\t\t<section class=\"elementor-section elementor-top-section elementor-element elementor-element-d950ccc elementor-section-boxed elementor-section-height-default elementor-section-height-default\" data-id=\"d950ccc\" data-element_type=\"section\">\n\t\t\t\t\t\t<div class=\"elementor-container elementor-column-gap-default\">\n\t\t\t\t\t<div class=\"elementor-column elementor-col-100 elementor-top-column elementor-element elementor-element-5160a83\" data-id=\"5160a83\" data-element_type=\"column\">\n\t\t\t<div class=\"elementor-widget-wrap elementor-element-populated\">\n\t\t\t\t\t\t\t\t<div class=\"elementor-element elementor-element-c0c72fa elementor-align-justify elementor-widget elementor-widget-the7_button_widget\" data-id=\"c0c72fa\" data-element_type=\"widget\" data-widget_type=\"the7_button_widget.default\">\n\t\t\t\t<div class=\"elementor-widget-container\">\n\t\t\t<div class=\"elementor-button-wrapper\"><a href=\"https:\/\/nerba.pt\/site\/wp-content\/uploads\/2025\/10\/ficha-operacao-descarbonizacao.pdf\" class=\"box-button elementor-button elementor-size-md\">Ficha do Projeto<\/a><\/div>\t\t<\/div>\n\t\t\t\t<\/div>\n\t\t\t\t\t<\/div>\n\t\t<\/div>\n\t\t\t\t\t\t\t<\/div>\n\t\t<\/section>\n\t\t\t\t<section class=\"elementor-section elementor-top-section elementor-element elementor-element-7b33450 elementor-section-boxed elementor-section-height-default elementor-section-height-default\" data-id=\"7b33450\" data-element_type=\"section\">\n\t\t\t\t\t\t<div class=\"elementor-container elementor-column-gap-default\">\n\t\t\t\t\t<div class=\"elementor-column elementor-col-50 elementor-top-column elementor-element elementor-element-274882d\" data-id=\"274882d\" data-element_type=\"column\">\n\t\t\t<div class=\"elementor-widget-wrap elementor-element-populated\">\n\t\t\t\t\t\t\t\t<div class=\"elementor-element elementor-element-30423e4 elementor-widget elementor-widget-text-editor\" data-id=\"30423e4\" data-element_type=\"widget\" data-widget_type=\"text-editor.default\">\n\t\t\t\t<div class=\"elementor-widget-container\">\n\t\t\t\t\t\t\t<p><strong>Programa:<\/strong><\/p><p>Inova\u00e7\u00e3o e Transi\u00e7\u00e3o Digital<\/p>\t\t\t\t\t\t<\/div>\n\t\t\t\t<\/div>\n\t\t\t\t\t<\/div>\n\t\t<\/div>\n\t\t\t\t<div class=\"elementor-column elementor-col-50 elementor-top-column elementor-element elementor-element-63c12b2\" data-id=\"63c12b2\" data-element_type=\"column\">\n\t\t\t<div class=\"elementor-widget-wrap elementor-element-populated\">\n\t\t\t\t\t\t\t\t<div class=\"elementor-element elementor-element-e011bf5 elementor-widget elementor-widget-text-editor\" data-id=\"e011bf5\" data-element_type=\"widget\" data-widget_type=\"text-editor.default\">\n\t\t\t\t<div class=\"elementor-widget-container\">\n\t\t\t\t\t\t\t<p><strong>C\u00f3digo de Opera\u00e7\u00e3o:<\/strong><\/p><p>COMPETE2030-FEDER-03128500<\/p>\t\t\t\t\t\t<\/div>\n\t\t\t\t<\/div>\n\t\t\t\t\t<\/div>\n\t\t<\/div>\n\t\t\t\t\t\t\t<\/div>\n\t\t<\/section>\n\t\t\t\t<section class=\"elementor-section elementor-top-section elementor-element elementor-element-0e1a795 elementor-section-boxed elementor-section-height-default elementor-section-height-default\" data-id=\"0e1a795\" data-element_type=\"section\">\n\t\t\t\t\t\t<div class=\"elementor-container elementor-column-gap-default\">\n\t\t\t\t\t<div class=\"elementor-column elementor-col-25 elementor-top-column elementor-element elementor-element-0471103\" data-id=\"0471103\" data-element_type=\"column\">\n\t\t\t<div class=\"elementor-widget-wrap elementor-element-populated\">\n\t\t\t\t\t\t\t\t<div class=\"elementor-element elementor-element-164a6a8 elementor-widget elementor-widget-text-editor\" data-id=\"164a6a8\" data-element_type=\"widget\" data-widget_type=\"text-editor.default\">\n\t\t\t\t<div class=\"elementor-widget-container\">\n\t\t\t\t\t\t\t<p><strong>Custo Total:<\/strong><\/p><p>780.441,74\u20ac<\/p>\t\t\t\t\t\t<\/div>\n\t\t\t\t<\/div>\n\t\t\t\t\t<\/div>\n\t\t<\/div>\n\t\t\t\t<div class=\"elementor-column elementor-col-25 elementor-top-column elementor-element elementor-element-bf963ca\" data-id=\"bf963ca\" data-element_type=\"column\">\n\t\t\t<div class=\"elementor-widget-wrap elementor-element-populated\">\n\t\t\t\t\t\t\t\t<div class=\"elementor-element elementor-element-08a523c elementor-widget elementor-widget-text-editor\" data-id=\"08a523c\" data-element_type=\"widget\" data-widget_type=\"text-editor.default\">\n\t\t\t\t<div class=\"elementor-widget-container\">\n\t\t\t\t\t\t\t<p><strong>Custo Eleg\u00edvel:<\/strong><\/p><p>780.441,74\u20ac<\/p>\t\t\t\t\t\t<\/div>\n\t\t\t\t<\/div>\n\t\t\t\t\t<\/div>\n\t\t<\/div>\n\t\t\t\t<div class=\"elementor-column elementor-col-25 elementor-top-column elementor-element elementor-element-482ce00\" data-id=\"482ce00\" data-element_type=\"column\">\n\t\t\t<div class=\"elementor-widget-wrap elementor-element-populated\">\n\t\t\t\t\t\t\t\t<div class=\"elementor-element elementor-element-a0f8b33 elementor-widget elementor-widget-text-editor\" data-id=\"a0f8b33\" data-element_type=\"widget\" data-widget_type=\"text-editor.default\">\n\t\t\t\t<div class=\"elementor-widget-container\">\n\t\t\t\t\t\t\t<p><strong>Apoio Financeiro da UE:<\/strong><\/p><p>663.375,45\u20ac<\/p>\t\t\t\t\t\t<\/div>\n\t\t\t\t<\/div>\n\t\t\t\t\t<\/div>\n\t\t<\/div>\n\t\t\t\t<div class=\"elementor-column elementor-col-25 elementor-top-column elementor-element elementor-element-b6f4cf6\" data-id=\"b6f4cf6\" data-element_type=\"column\">\n\t\t\t<div class=\"elementor-widget-wrap elementor-element-populated\">\n\t\t\t\t\t\t\t\t<div class=\"elementor-element elementor-element-dc607d8 elementor-widget elementor-widget-text-editor\" data-id=\"dc607d8\" data-element_type=\"widget\" data-widget_type=\"text-editor.default\">\n\t\t\t\t<div class=\"elementor-widget-container\">\n\t\t\t\t\t\t\t<p><strong>Cofinanciamento da UE:<\/strong><\/p><p>85 %<\/p>\t\t\t\t\t\t<\/div>\n\t\t\t\t<\/div>\n\t\t\t\t\t<\/div>\n\t\t<\/div>\n\t\t\t\t\t\t\t<\/div>\n\t\t<\/section>\n\t\t\t\t<section class=\"elementor-section elementor-top-section elementor-element elementor-element-66eb7a7 elementor-section-boxed elementor-section-height-default elementor-section-height-default\" data-id=\"66eb7a7\" data-element_type=\"section\">\n\t\t\t\t\t\t<div class=\"elementor-container elementor-column-gap-default\">\n\t\t\t\t\t<div class=\"elementor-column elementor-col-100 elementor-top-column elementor-element elementor-element-4e2cf08\" data-id=\"4e2cf08\" data-element_type=\"column\">\n\t\t\t<div class=\"elementor-widget-wrap elementor-element-populated\">\n\t\t\t\t\t\t\t\t<div class=\"elementor-element elementor-element-2f90642 elementor-widget elementor-widget-text-editor\" data-id=\"2f90642\" data-element_type=\"widget\" data-widget_type=\"text-editor.default\">\n\t\t\t\t<div class=\"elementor-widget-container\">\n\t\t\t\t\t\t\t<p>O projeto Agroalimentar Sem Carbono tem como Co promotores:<\/p><ul><li>NERVIR &#8211; Associa\u00e7\u00e3o Empresarial<\/li><li>NERE &#8211; N\u00facleo Empresarial da Regi\u00e3o de \u00c9vor Associa\u00e7\u00e3o Empresarial<\/li><li>Instituto Polit\u00e9cnico de Bragan\u00e7a<\/li><li>Instituto Polit\u00e9cnico de Santar\u00e9m<\/li><li>UTAD &#8211; Universidade de Tr\u00e1s-os-Montes e Alto Douro<\/li><\/ul>\t\t\t\t\t\t<\/div>\n\t\t\t\t<\/div>\n\t\t\t\t\t<\/div>\n\t\t<\/div>\n\t\t\t\t\t\t\t<\/div>\n\t\t<\/section>\n\t\t\t\t<section class=\"elementor-section elementor-top-section elementor-element elementor-element-e3a0e7c elementor-section-boxed elementor-section-height-default elementor-section-height-default\" data-id=\"e3a0e7c\" data-element_type=\"section\">\n\t\t\t\t\t\t<div class=\"elementor-container elementor-column-gap-default\">\n\t\t\t\t\t<div class=\"elementor-column elementor-col-100 elementor-top-column elementor-element elementor-element-c1f33dc\" data-id=\"c1f33dc\" data-element_type=\"column\">\n\t\t\t<div class=\"elementor-widget-wrap elementor-element-populated\">\n\t\t\t\t\t\t\t\t<div class=\"elementor-element elementor-element-b0c4d3b elementor-widget elementor-widget-spacer\" data-id=\"b0c4d3b\" data-element_type=\"widget\" data-widget_type=\"spacer.default\">\n\t\t\t\t<div class=\"elementor-widget-container\">\n\t\t\t\t\t<div class=\"elementor-spacer\">\n\t\t\t<div class=\"elementor-spacer-inner\"><\/div>\n\t\t<\/div>\n\t\t\t\t<\/div>\n\t\t\t\t<\/div>\n\t\t\t\t<div class=\"elementor-element elementor-element-718f8b5 elementor-widget elementor-widget-text-editor\" data-id=\"718f8b5\" data-element_type=\"widget\" data-widget_type=\"text-editor.default\">\n\t\t\t\t<div class=\"elementor-widget-container\">\n\t\t\t\t\t\t\t<p>O projeto Agroalimentar Sem Carbono visa acelerar a transi\u00e7\u00e3o verde e a neutralidade carb\u00f3nica nas PME da fileira agroalimentar das regi\u00f5es Norte, Centro e Alentejo de Portugal.<br \/>Promove a ado\u00e7\u00e3o de tecnologias e processos de baixo carbono nas fileiras do azeite, carnes, lactic\u00ednios, hort\u00edcolas, vinho, fruta e frutos secos.<\/p><p>Atrav\u00e9s de um Plano Estrat\u00e9gico de Descarboniza\u00e7\u00e3o, a\u00e7\u00f5es de capacita\u00e7\u00e3o, uma Plataforma Digital e sess\u00f5es de demonstra\u00e7\u00e3o, a redu\u00e7\u00e3o de 30% das emiss\u00f5es de GEE nas PME.<\/p>\t\t\t\t\t\t<\/div>\n\t\t\t\t<\/div>\n\t\t\t\t\t<\/div>\n\t\t<\/div>\n\t\t\t\t\t\t\t<\/div>\n\t\t<\/section>\n\t\t\t\t<section class=\"elementor-section elementor-top-section elementor-element elementor-element-bc6b6d7 elementor-section-boxed elementor-section-height-default elementor-section-height-default\" data-id=\"bc6b6d7\" data-element_type=\"section\">\n\t\t\t\t\t\t<div class=\"elementor-container elementor-column-gap-default\">\n\t\t\t\t\t<div class=\"elementor-column elementor-col-100 elementor-top-column elementor-element elementor-element-7a78140\" data-id=\"7a78140\" data-element_type=\"column\">\n\t\t\t<div class=\"elementor-widget-wrap elementor-element-populated\">\n\t\t\t\t\t\t\t\t<div class=\"elementor-element elementor-element-3aa2b6e elementor-widget elementor-widget-text-editor\" data-id=\"3aa2b6e\" data-element_type=\"widget\" data-widget_type=\"text-editor.default\">\n\t\t\t\t<div class=\"elementor-widget-container\">\n\t\t\t\t\t\t\t<p><strong>Para saber mais, contactar<\/strong><\/p><p>NERBA &#8211; Associa\u00e7\u00e3o Empresarial do Distrito de Bragan\u00e7a<\/p><p>Avenida das Cantarias, n.\u00ba 140, 5300-107 BRAGAN\u00c7A<\/p><p>Telefone: 273 30 46 30<\/p><p>Telem\u00f3vel: 938 436 214<\/p><p>E-mail: <a href=\"mailto:plouzada@nerba.pt\">plouzada@nerba.pt<\/a><\/p>\t\t\t\t\t\t<\/div>\n\t\t\t\t<\/div>\n\t\t\t\t\t<\/div>\n\t\t<\/div>\n\t\t\t\t\t\t\t<\/div>\n\t\t<\/section>\n\t\t\t\t<section class=\"elementor-section elementor-top-section elementor-element elementor-element-7999250 elementor-section-boxed elementor-section-height-default elementor-section-height-default\" data-id=\"7999250\" data-element_type=\"section\">\n\t\t\t\t\t\t<div class=\"elementor-container elementor-column-gap-default\">\n\t\t\t\t\t<div class=\"elementor-column elementor-col-100 elementor-top-column elementor-element elementor-element-a4f0e5f\" data-id=\"a4f0e5f\" data-element_type=\"column\">\n\t\t\t<div class=\"elementor-widget-wrap elementor-element-populated\">\n\t\t\t\t\t\t\t\t<div class=\"elementor-element elementor-element-eb77673 elementor-widget elementor-widget-spacer\" data-id=\"eb77673\" data-element_type=\"widget\" data-widget_type=\"spacer.default\">\n\t\t\t\t<div class=\"elementor-widget-container\">\n\t\t\t\t\t<div class=\"elementor-spacer\">\n\t\t\t<div class=\"elementor-spacer-inner\"><\/div>\n\t\t<\/div>\n\t\t\t\t<\/div>\n\t\t\t\t<\/div>\n\t\t\t\t\t<\/div>\n\t\t<\/div>\n\t\t\t\t\t\t\t<\/div>\n\t\t<\/section>\n\t\t\t\t\t\t\t<\/div>\n\t\t","protected":false},"excerpt":{"rendered":"<p>Agroalimentar Sem Carbono Ficha do Projeto Programa: Inova\u00e7\u00e3o e Transi\u00e7\u00e3o Digital C\u00f3digo de Opera\u00e7\u00e3o: COMPETE2030-FEDER-03128500 Custo Total: 780.441,74\u20ac Custo Eleg\u00edvel: 780.441,74\u20ac Apoio Financeiro da UE: 663.375,45\u20ac Cofinanciamento da UE: 85 % O projeto Agroalimentar Sem Carbono tem como Co promotores: NERVIR &#8211; Associa\u00e7\u00e3o Empresarial NERE &#8211; N\u00facleo Empresarial da Regi\u00e3o de \u00c9vor Associa\u00e7\u00e3o Empresarial Instituto&hellip;<\/p>\n","protected":false},"author":3,"featured_media":0,"parent":0,"menu_order":0,"comment_status":"closed","ping_status":"closed","template":"","meta":{"footnotes":""},"class_list":["post-21480","page","type-page","status-publish","hentry"],"_links":{"self":[{"href":"https:\/\/nerba.pt\/site\/wp-json\/wp\/v2\/pages\/21480","targetHints":{"allow":["GET"]}}],"collection":[{"href":"https:\/\/nerba.pt\/site\/wp-json\/wp\/v2\/pages"}],"about":[{"href":"https:\/\/nerba.pt\/site\/wp-json\/wp\/v2\/types\/page"}],"author":[{"embeddable":true,"href":"https:\/\/nerba.pt\/site\/wp-json\/wp\/v2\/users\/3"}],"replies":[{"embeddable":true,"href":"https:\/\/nerba.pt\/site\/wp-json\/wp\/v2\/comments?post=21480"}],"version-history":[{"count":22,"href":"https:\/\/nerba.pt\/site\/wp-json\/wp\/v2\/pages\/21480\/revisions"}],"predecessor-version":[{"id":21513,"href":"https:\/\/nerba.pt\/site\/wp-json\/wp\/v2\/pages\/21480\/revisions\/21513"}],"wp:attachment":[{"href":"https:\/\/nerba.pt\/site\/wp-json\/wp\/v2\/media?parent=21480"}],"curies":[{"name":"wp","href":"https:\/\/api.w.org\/{rel}","templated":true}]}}