{"id":17124,"date":"2024-07-11T14:39:35","date_gmt":"2024-07-11T14:39:35","guid":{"rendered":"https:\/\/nerba.pt\/site\/?page_id=17124"},"modified":"2025-10-22T08:32:48","modified_gmt":"2025-10-22T08:32:48","slug":"lider-digital-tras-os-montes-e-alto-douro","status":"publish","type":"page","link":"https:\/\/nerba.pt\/site\/lider-digital-tras-os-montes-e-alto-douro\/","title":{"rendered":"L\u00edder + Digital Tr\u00e1s-os-Montes e Alto Douro"},"content":{"rendered":"\t\t<div data-elementor-type=\"wp-page\" data-elementor-id=\"17124\" class=\"elementor elementor-17124\" data-elementor-post-type=\"page\">\n\t\t\t\t\t\t\t\t\t<section class=\"elementor-section elementor-top-section elementor-element elementor-element-c7c24fb elementor-section-boxed elementor-section-height-default elementor-section-height-default\" data-id=\"c7c24fb\" data-element_type=\"section\">\n\t\t\t\t\t\t<div class=\"elementor-container elementor-column-gap-default\">\n\t\t\t\t\t<div class=\"elementor-column elementor-col-100 elementor-top-column elementor-element elementor-element-7722a9d\" data-id=\"7722a9d\" data-element_type=\"column\">\n\t\t\t<div class=\"elementor-widget-wrap elementor-element-populated\">\n\t\t\t\t\t\t\t\t<div class=\"elementor-element elementor-element-f837d97 elementor-widget elementor-widget-spacer\" data-id=\"f837d97\" data-element_type=\"widget\" data-widget_type=\"spacer.default\">\n\t\t\t\t<div class=\"elementor-widget-container\">\n\t\t\t\t\t<div class=\"elementor-spacer\">\n\t\t\t<div class=\"elementor-spacer-inner\"><\/div>\n\t\t<\/div>\n\t\t\t\t<\/div>\n\t\t\t\t<\/div>\n\t\t\t\t\t<\/div>\n\t\t<\/div>\n\t\t\t\t\t\t\t<\/div>\n\t\t<\/section>\n\t\t\t\t<section class=\"elementor-section elementor-top-section elementor-element elementor-element-ea0955d elementor-section-boxed elementor-section-height-default elementor-section-height-default\" data-id=\"ea0955d\" data-element_type=\"section\">\n\t\t\t\t\t\t<div class=\"elementor-container elementor-column-gap-default\">\n\t\t\t\t\t<div class=\"elementor-column elementor-col-100 elementor-top-column elementor-element elementor-element-3d2de66\" data-id=\"3d2de66\" data-element_type=\"column\">\n\t\t\t<div class=\"elementor-widget-wrap elementor-element-populated\">\n\t\t\t\t\t\t\t\t<div class=\"elementor-element elementor-element-5bddc41 elementor-widget elementor-widget-heading\" data-id=\"5bddc41\" data-element_type=\"widget\" data-widget_type=\"heading.default\">\n\t\t\t\t<div class=\"elementor-widget-container\">\n\t\t\t<h2 class=\"elementor-heading-title elementor-size-default\">L\u00edder + Digital Tr\u00e1s-os-Montes e Alto Douro<\/h2>\t\t<\/div>\n\t\t\t\t<\/div>\n\t\t\t\t\t<\/div>\n\t\t<\/div>\n\t\t\t\t\t\t\t<\/div>\n\t\t<\/section>\n\t\t\t\t<section class=\"elementor-section elementor-top-section elementor-element elementor-element-1f2a652 elementor-section-boxed elementor-section-height-default elementor-section-height-default\" data-id=\"1f2a652\" data-element_type=\"section\">\n\t\t\t\t\t\t<div class=\"elementor-container elementor-column-gap-default\">\n\t\t\t\t\t<div class=\"elementor-column elementor-col-100 elementor-top-column elementor-element elementor-element-d0ae100\" data-id=\"d0ae100\" data-element_type=\"column\">\n\t\t\t<div class=\"elementor-widget-wrap elementor-element-populated\">\n\t\t\t\t\t\t\t\t<div class=\"elementor-element elementor-element-648d3b7 elementor-widget elementor-widget-image\" data-id=\"648d3b7\" data-element_type=\"widget\" data-widget_type=\"image.default\">\n\t\t\t\t<div class=\"elementor-widget-container\">\n\t\t\t\t\t\t\t\t\t\t\t\t\t\t\t<img decoding=\"async\" width=\"1200\" height=\"162\" data-src=\"https:\/\/nerba.pt\/site\/wp-content\/uploads\/2024\/07\/aaa-1400x189.png\" class=\"attachment-large size-large wp-image-17127 lazyload\" alt=\"\" data-srcset=\"https:\/\/nerba.pt\/site\/wp-content\/uploads\/2024\/07\/aaa-1400x189.png 1400w, https:\/\/nerba.pt\/site\/wp-content\/uploads\/2024\/07\/aaa-800x108.png 800w, https:\/\/nerba.pt\/site\/wp-content\/uploads\/2024\/07\/aaa-768x104.png 768w, https:\/\/nerba.pt\/site\/wp-content\/uploads\/2024\/07\/aaa-1536x208.png 1536w, https:\/\/nerba.pt\/site\/wp-content\/uploads\/2024\/07\/aaa-18x2.png 18w, https:\/\/nerba.pt\/site\/wp-content\/uploads\/2024\/07\/aaa.png 1618w\" data-sizes=\"(max-width: 1200px) 100vw, 1200px\" src=\"data:image\/svg+xml;base64,PHN2ZyB3aWR0aD0iMSIgaGVpZ2h0PSIxIiB4bWxucz0iaHR0cDovL3d3dy53My5vcmcvMjAwMC9zdmciPjwvc3ZnPg==\" style=\"--smush-placeholder-width: 1200px; --smush-placeholder-aspect-ratio: 1200\/162;\" \/>\t\t\t\t\t\t\t\t\t\t\t\t\t\t\t<\/div>\n\t\t\t\t<\/div>\n\t\t\t\t\t<\/div>\n\t\t<\/div>\n\t\t\t\t\t\t\t<\/div>\n\t\t<\/section>\n\t\t\t\t<section class=\"elementor-section elementor-top-section elementor-element elementor-element-36fe3c1 elementor-section-height-min-height elementor-section-items-stretch elementor-section-content-middle elementor-section-boxed elementor-section-height-default\" data-id=\"36fe3c1\" data-element_type=\"section\" data-settings=\"{&quot;background_background&quot;:&quot;classic&quot;}\">\n\t\t\t\t\t\t<div class=\"elementor-container elementor-column-gap-wider\">\n\t\t\t\t\t<div class=\"elementor-column elementor-col-100 elementor-top-column elementor-element elementor-element-f51438e\" data-id=\"f51438e\" data-element_type=\"column\" data-settings=\"{&quot;background_background&quot;:&quot;classic&quot;}\">\n\t\t\t<div class=\"elementor-widget-wrap elementor-element-populated\">\n\t\t\t\t\t\t\t\t<div class=\"elementor-element elementor-element-126d1f1 elementor-widget__width-initial elementor-widget elementor-widget-text-editor\" data-id=\"126d1f1\" data-element_type=\"widget\" data-widget_type=\"text-editor.default\">\n\t\t\t\t<div class=\"elementor-widget-container\">\n\t\t\t\t\t\t\t<p><strong>Identifica\u00e7\u00e3o e Enquadramento do projeto:<\/strong><\/p>\n<p>L\u00edder do cons\u00f3rcio NERBA \u2013 Associa\u00e7\u00e3o Empresarial do Distrito de Bragan\u00e7a<\/p>\n<p>Entidade Formadora Instituto Polit\u00e9cnico de Bragan\u00e7a<\/p>\n<p>AICAF &#8211; Associa\u00e7\u00e3o Industrial e Comercial de Alf\u00e2ndega da F\u00e9<\/p>\n<p>ACISB &#8211; Associa\u00e7\u00e3o Comercial, Industrial e Servi\u00e7os de Bragan\u00e7a<\/p>\n<p>ACIM &#8211; Associa\u00e7\u00e3o Comercial e Industrial de Mirandela<\/p>\n<p>ACISM &#8211; Associa\u00e7\u00e3o Comercial Industrial e Servi\u00e7os de Mogadouro<\/p>\n<p>ANCSUB &#8211; Associa\u00e7\u00e3o Nacional de Criadores de Su\u00ednos de Ra\u00e7a B\u00edsara<\/p>\n<p>ACISAT &#8211; Associa\u00e7\u00e3o Empresarial do Alto T\u00e2mega<\/p>\n<p>CAOVA &#8211; Cooperativa Agr\u00edcola dos Olivicultores de Vila Flor e Ansi\u00e3es, CRL<\/p><p><br><\/p>\n<p><\/p>\n<p>Candidatura 313\/2024\/L+D<\/p>\n<p>Cofinanciado pelo Plano de Recupera\u00e7\u00e3o e Resili\u00eancia (PRR), no \u00e2mbito do Programa Emprego + Digital 2025, criado pela Portaria n.\u00ba 246\/2022 de 27 setembro, alterada e republicada pela Portaria n.\u00ba 8\/2024 de 15 de janeiro, financiado pelo PRR, no \u00e2mbito do INVESTIMENTO TDC16- I01 \u2013 EMPRESAS 4.0: CAPACITA\u00c7\u00c3O DIGITAL DAS EMPRESAS Medida 02 \u2013 \u201cEmprego + Digital 2025\u201d, assumindo o IEFP, I.P. a qualidade de benefici\u00e1rio final nos termos da Orienta\u00e7\u00e3o T\u00e9cnica N.\u00ba 02\/C16- i01\/2022<\/p><p><br><\/p>\n<p><\/p>\n<p><strong>Or\u00e7amento<\/strong><strong> \u20ac<\/strong>210.000,00<\/p>\n<p><strong>Calend\u00e1rio de execu\u00e7\u00e3o<\/strong> 17\/09\/2024 a 30\/09\/2025<\/p>\n<p><strong>Resumo<\/strong><\/p>\n<p>Pretende \u201ccontribuir para a transforma\u00e7\u00e3o das organiza\u00e7\u00f5es de diferentes setores de atividade econ\u00f3mica, todos eles fortemente impactados pelos processos de transi\u00e7\u00e3o digital, pretende este cons\u00f3rcio estruturar e implementar o Percurso Formativo e dos Planos de A\u00e7\u00e3o de Transforma\u00e7\u00e3o Digital &#8211; PFATD.<\/p>\n<p>Atrav\u00e9s do fomento de processos de transforma\u00e7\u00e3o digital, pretende-se contribuir para melhoria da produtividade e competitividade do tecido empresarial e da economia do pa\u00eds, bem como o refor\u00e7o das qualifica\u00e7\u00f5es e compet\u00eancias digitais dos gestores e quadros dirigentes, enquanto atores fundamentais da tomada de decis\u00e3o estrat\u00e9gica e operacional nas organiza\u00e7\u00f5es. Em virtude de uma utiliza\u00e7\u00e3o cada vez mais intensiva e necess\u00e1ria das tecnologias, ferramentas e canais digitais, e por forma a responder \u00e0s necessidades das organiza\u00e7\u00f5es, a implementa\u00e7\u00e3o de processos de transforma\u00e7\u00e3o digital pressup\u00f5e ainda a sua adequa\u00e7\u00e3o e ajustamento \u00e0 dimens\u00e3o e maturidade digital dessas mesmas organiza\u00e7\u00f5es.<\/p><p><br><\/p>\n<p><\/p>\n<p><strong>Destinat\u00e1rios<\/strong><\/p>\n<ul>\n<li>Gestores e dirigentes de empresas, associa\u00e7\u00f5es empresariais e entidades da economia social;<\/li>\n<li>Quadros t\u00e9cnicos superiores com potencial de desenvolvimento de responsabilidade de lideran\u00e7a e gest\u00e3o.<\/li>\n<\/ul>\n<p>No \u00e2mbito dos destinat\u00e1rios identificados, s\u00e3o <strong>preferenciais os que representam<\/strong>:<\/p>\n<ul>\n<li>Pessoas do sexo sub-representado na fun\u00e7\u00e3o de gestor e dirigente, nos termos do previsto no C\u00f3digo do Trabalho;<\/li>\n<li>Gestores e dirigentes de <strong>micro, pequenas e m\u00e9dias empresas<\/strong> nos termos do artigo 100.\u00ba do C\u00f3digo do Trabalho.<\/li>\n<\/ul>\n<ul>\n<li>Pode participar mais do que uma pessoa de uma organiza\u00e7\u00e3o e decidir por implementar Plano de A\u00e7\u00e3o de Transforma\u00e7\u00e3o Digital, em tem\u00e1ticas diferentes.<\/li>\n<\/ul>\n<p><strong>&nbsp;<\/strong><\/p>\n<p><strong>Componentes<\/strong><\/p>\n<p><strong>COMPONENTE 1 &#8211; Percurso formativo | 54 horas (em grupo e online) <\/strong><\/p>\n<table width=\"368\">\n<tbody>\n<tr>\n<td width=\"64\"><strong>Horas<\/strong><\/td>\n<td width=\"304\"><strong>Percurso Formativo<\/strong><\/td>\n<\/tr>\n<tr>\n<td width=\"64\">18<\/td>\n<td width=\"304\">Compet\u00eancias Para A Mudan\u00e7a<\/td>\n<\/tr>\n<tr>\n<td width=\"64\">18<\/td>\n<td width=\"304\">Instrumentos Digitais para o Controlo de Gest\u00e3o<\/td>\n<\/tr>\n<tr>\n<td width=\"64\">18<\/td>\n<td width=\"304\">Marketing e Gest\u00e3o de Conte\u00fados Digitais<\/td>\n<\/tr>\n<\/tbody>\n<\/table>\n<p><strong>&nbsp;<\/strong><\/p>\n<p><strong>COMPONENTE 2 &#8211; Conce\u00e7\u00e3o\/cria\u00e7\u00e3o de planos de a\u00e7\u00e3o de transforma\u00e7\u00e3o digital | 20 horas<\/strong><\/p>\n<ul>\n<li><strong>MOMENTO 1 Levantamento de melhorias &#8211; 10 horas (em grupo e presencial) <\/strong><\/li>\n<li><strong>MOMENTO 2 Constru\u00e7\u00e3o de instrumentos ajustados \u00e0 medida \u2013 10 horas (em grupo e presencial) <\/strong><\/li>\n<\/ul>\n<p><strong>&nbsp;<\/strong><\/p>\n<p><strong>COMPONENTE 3 &#8211; Implementa\u00e7\u00e3o dos PATD &#8211; Planos de A\u00e7\u00e3o de Transforma\u00e7\u00e3o Digital \u2013 26 horas (interven\u00e7\u00e3o individualizada, tipo consultoria formativa)<\/strong><\/p>\n<p><strong>&nbsp;<\/strong><\/p>\n<p><\/p>\n<p><strong>COMPONENTE 4 &#8211; Workshops tem\u00e1ticos sobre tecnologias e a transforma\u00e7\u00e3o digital <\/strong><\/p>\n<p><strong>&nbsp;<\/strong><\/p>\n<p><\/p>\n<p><strong>Pode inscrever-se atrav\u00e9s do formul\u00e1rio | <\/strong><a href=\"https:\/\/forms.gle\/PbBbnjebdwWST4pU9\">https:\/\/forms.gle\/PbBbnjebdwWST4pU9<\/a><\/p>\n<p><strong>V\u00eddeo do L\u00edder mais Digital | <\/strong><a href=\"https:\/\/youtu.be\/CQHpddLzkHk\">https:\/\/youtu.be\/CQHpddLzkHk<\/a><\/p><p><br><\/p>\n<p><\/p>\n<p><strong>Para saber mais, contactar<\/strong><\/p>\n<p>NERBA &#8211; Associa\u00e7\u00e3o Empresarial do Distrito de Bragan\u00e7a<\/p>\n<p>Avenida das Cantarias, n.\u00ba 140<\/p>\n<p>5300-107 BRAGAN\u00c7A<\/p>\n<p>Telefone: <a href=\"tel:+351273304630\"> 273 304 630 <\/a><\/p>\n<p>Telem\u00f3vel: <a href=\"tel:+351938436214\">938 436 214<\/a><\/p>\n<p>E-mail: <a href=\"mailto:plouzada@nerba.pt\">plouzada@nerba.pt<\/a><\/p>\t\t\t\t\t\t<\/div>\n\t\t\t\t<\/div>\n\t\t\t\t\t<\/div>\n\t\t<\/div>\n\t\t\t\t\t\t\t<\/div>\n\t\t<\/section>\n\t\t\t\t\t\t\t<\/div>\n\t\t","protected":false},"excerpt":{"rendered":"<p>L\u00edder + Digital Tr\u00e1s-os-Montes e Alto Douro Identifica\u00e7\u00e3o e Enquadramento do projeto: L\u00edder do cons\u00f3rcio NERBA \u2013 Associa\u00e7\u00e3o Empresarial do Distrito de Bragan\u00e7a Entidade Formadora Instituto Polit\u00e9cnico de Bragan\u00e7a AICAF &#8211; Associa\u00e7\u00e3o Industrial e Comercial de Alf\u00e2ndega da F\u00e9 ACISB &#8211; Associa\u00e7\u00e3o Comercial, Industrial e Servi\u00e7os de Bragan\u00e7a ACIM &#8211; Associa\u00e7\u00e3o Comercial e Industrial de&hellip;<\/p>\n","protected":false},"author":5,"featured_media":0,"parent":0,"menu_order":20,"comment_status":"closed","ping_status":"closed","template":"","meta":{"footnotes":""},"class_list":["post-17124","page","type-page","status-publish","hentry"],"_links":{"self":[{"href":"https:\/\/nerba.pt\/site\/wp-json\/wp\/v2\/pages\/17124","targetHints":{"allow":["GET"]}}],"collection":[{"href":"https:\/\/nerba.pt\/site\/wp-json\/wp\/v2\/pages"}],"about":[{"href":"https:\/\/nerba.pt\/site\/wp-json\/wp\/v2\/types\/page"}],"author":[{"embeddable":true,"href":"https:\/\/nerba.pt\/site\/wp-json\/wp\/v2\/users\/5"}],"replies":[{"embeddable":true,"href":"https:\/\/nerba.pt\/site\/wp-json\/wp\/v2\/comments?post=17124"}],"version-history":[{"count":14,"href":"https:\/\/nerba.pt\/site\/wp-json\/wp\/v2\/pages\/17124\/revisions"}],"predecessor-version":[{"id":21522,"href":"https:\/\/nerba.pt\/site\/wp-json\/wp\/v2\/pages\/17124\/revisions\/21522"}],"wp:attachment":[{"href":"https:\/\/nerba.pt\/site\/wp-json\/wp\/v2\/media?parent=17124"}],"curies":[{"name":"wp","href":"https:\/\/api.w.org\/{rel}","templated":true}]}}